{"id":16240,"date":"2022-04-05T07:45:31","date_gmt":"2022-04-05T05:45:31","guid":{"rendered":"http:\/\/garageduvernay.ch.vtxhosting.ch\/newsite\/?post_type=portfolio_page&#038;p=16240"},"modified":"2024-10-31T10:59:00","modified_gmt":"2024-10-31T09:59:00","slug":"toyota-land-cruiser","status":"publish","type":"portfolio_page","link":"https:\/\/garageduvernay.ch\/newsite\/showroom\/toyota-land-cruiser\/","title":{"rendered":"Toyota Land Cruiser"},"content":{"rendered":"<div class=\"wpb-content-wrapper\"><p>[vc_row css_animation=\u00a0\u00bb\u00a0\u00bb row_type=\u00a0\u00bbrow\u00a0\u00bb use_row_as_full_screen_section=\u00a0\u00bbno\u00a0\u00bb type=\u00a0\u00bbfull_width\u00a0\u00bb angled_section=\u00a0\u00bbno\u00a0\u00bb text_align=\u00a0\u00bbleft\u00a0\u00bb background_image_as_pattern=\u00a0\u00bbwithout_pattern\u00a0\u00bb][vc_column][vc_column_text css=\u00a0\u00bb\u00a0\u00bb]<\/p>\n<h1>Toyota Land Cruiser<\/h1>\n<h2><span style=\"color: #be0e1d;\">PR\u00caT POUR VOTRE PROCHAINE AVENTURE<\/span><\/h2>\n<p>Toyota r\u00e9invente le l\u00e9gendaire Land Cruiser. Arborant un design robuste et \u00e9motionnel c\u00e9l\u00e9brant comme il se doit le retour d\u2019une ic\u00f4ne, le nouveau Land Cruiser vous emm\u00e8nera n\u2019importe o\u00f9. Particuli\u00e8rement r\u00e9sistant et dot\u00e9 de la fiabilit\u00e9 ainsi que des technologies tout-terrain n\u00e9cessaires pour red\u00e9finir les limites du possible, votre prochaine aventure commence ici.[\/vc_column_text][vc_empty_space height=\u00a0\u00bb50px\u00a0\u00bb][vc_column_text css=\u00a0\u00bb\u00a0\u00bb]<\/p>\n<h2><span style=\"color: #be0e1d;\">Design<\/span><\/h2>\n<p>Look embl\u00e9matique<\/p>\n<h2><\/h2>\n<h2><span style=\"color: #be0e1d;\">Aptitudes<\/span><\/h2>\n<p>Conception 4&#215;4 indestructible<\/p>\n<h2><\/h2>\n<h2><span style=\"color: #be0e1d;\">H\u00e9ritage<\/span><\/h2>\n<p>P\u00e9digr\u00e9e tout-terrain l\u00e9gendaire<\/p>\n<h2><\/h2>\n<h2><span style=\"color: #be0e1d;\">Technologie<\/span><\/h2>\n<p>Concentr\u00e9 d\u2019innovations[\/vc_column_text][vc_empty_space height=\u00a0\u00bb50px\u00a0\u00bb][\/vc_column][\/vc_row][vc_row css_animation=\u00a0\u00bb\u00a0\u00bb row_type=\u00a0\u00bbrow\u00a0\u00bb use_row_as_full_screen_section=\u00a0\u00bbno\u00a0\u00bb type=\u00a0\u00bbfull_width\u00a0\u00bb angled_section=\u00a0\u00bbno\u00a0\u00bb text_align=\u00a0\u00bbleft\u00a0\u00bb background_image_as_pattern=\u00a0\u00bbwithout_pattern\u00a0\u00bb z_index=\u00a0\u00bb\u00a0\u00bb][vc_column][vc_single_image image=\u00a0\u00bb19693&Prime; img_size=\u00a0\u00bbfull\u00a0\u00bb alignment=\u00a0\u00bbcenter\u00a0\u00bb css=\u00a0\u00bb\u00a0\u00bb qode_css_animation=\u00a0\u00bb\u00a0\u00bb][vc_empty_space height=\u00a0\u00bb50px\u00a0\u00bb][\/vc_column][\/vc_row][vc_row css_animation=\u00a0\u00bb\u00a0\u00bb row_type=\u00a0\u00bbrow\u00a0\u00bb use_row_as_full_screen_section=\u00a0\u00bbno\u00a0\u00bb type=\u00a0\u00bbfull_width\u00a0\u00bb angled_section=\u00a0\u00bbno\u00a0\u00bb text_align=\u00a0\u00bbleft\u00a0\u00bb background_image_as_pattern=\u00a0\u00bbwithout_pattern\u00a0\u00bb row_negative_margin=\u00a0\u00bbdisable_negative_margin\u00a0\u00bb z_index=\u00a0\u00bb\u00a0\u00bb][vc_column][vc_column_text css=\u00a0\u00bb\u00a0\u00bb]<\/p>\n<div style=\"width: 1060px;\" class=\"wp-video\"><!--[if lt IE 9]><script>document.createElement('video');<\/script><![endif]-->\n<video class=\"wp-video-shortcode\" id=\"video-16240-1\" width=\"1060\" height=\"596\" poster=\"https:\/\/garageduvernay.ch\/newsite\/wp-content\/uploads\/2022\/04\/Toyota-Land_Cruiser-2024-video.webp\" preload=\"metadata\" controls=\"controls\"><source type=\"video\/mp4\" src=\"https:\/\/garageduvernay.ch\/newsite\/wp-content\/uploads\/2024\/10\/LAN_10_Design_16x9_CLEAN_NO_LOGO-0x1080-3000k.mp4?_=1\" \/><a href=\"https:\/\/garageduvernay.ch\/newsite\/wp-content\/uploads\/2024\/10\/LAN_10_Design_16x9_CLEAN_NO_LOGO-0x1080-3000k.mp4\">https:\/\/garageduvernay.ch\/newsite\/wp-content\/uploads\/2024\/10\/LAN_10_Design_16x9_CLEAN_NO_LOGO-0x1080-3000k.mp4<\/a><\/video><\/div>\n<p>[\/vc_column_text][\/vc_column][\/vc_row][vc_row css_animation=\u00a0\u00bb\u00a0\u00bb row_type=\u00a0\u00bbrow\u00a0\u00bb use_row_as_full_screen_section=\u00a0\u00bbno\u00a0\u00bb type=\u00a0\u00bbfull_width\u00a0\u00bb angled_section=\u00a0\u00bbno\u00a0\u00bb text_align=\u00a0\u00bbleft\u00a0\u00bb background_image_as_pattern=\u00a0\u00bbwithout_pattern\u00a0\u00bb][vc_column][vc_empty_space height=\u00a0\u00bb50px\u00a0\u00bb][vc_column_text css=\u00a0\u00bb\u00a0\u00bb]<span style=\"color: #be0e1d;\">H\u00e9ritage<\/span><\/p>\n<h1>LES ORIGINES D\u2019UNE IC\u00d4NE<\/h1>\n<p>L\u2019histoire du Land Cruiser commence avec le Toyota BJ. En 1951, ce prototype entre dans l\u2019histoire en gravissant le mont Fuji, allant plus loin que tout autre v\u00e9hicule terrestre ne l\u2019avait jamais fait auparavant. Rebaptis\u00e9 Land Cruiser en 1954, c\u2019est le d\u00e9but d\u2019une l\u00e9gende.[\/vc_column_text][vc_empty_space height=\u00a0\u00bb50px\u00a0\u00bb][vc_column_text css=\u00a0\u00bb\u00a0\u00bb]<\/p>\n<div class=\"cmp-campaign-video-scroll-headline t-label-text\" data-test-id=\"campaign-video-scroll-headline\">Land Cruiser First Edition<\/div>\n<h1 class=\"cmp-campaign-video-scroll-title h1\" data-test-id=\"campaign-video-scroll-title\">UNE IC\u00d4NE PARMI LES IC\u00d4NES<\/h1>\n<div class=\"cmp-campaign-video-scroll-description t-body-text col-md-10 mx-auto\" data-test-id=\"campaign-video-scroll-description\">La peinture bi-ton et les projecteurs ronds classiques de la \u00abFirst Edition\u00bb en font un v\u00e9hicule unique. Tous deux s\u2019accordent \u00e0 la perfection au look r\u00e9tro du nouveau Land Cruiser. Le mod\u00e8le n\u2019est disponible qu\u2019en pr\u00e9vente et arbore des motifs First Edition \u00e0 l\u2019int\u00e9rieur, ainsi que des logos First Edition sur les portes.<\/div>\n<div data-test-id=\"campaign-video-scroll-description\"><\/div>\n<p>[\/vc_column_text][vc_empty_space height=\u00a0\u00bb50px\u00a0\u00bb][vc_column_text css=\u00a0\u00bb\u00a0\u00bb]<\/p>\n<h1>R\u00c9SOLUMENT INTEMPOREL<\/h1>\n<p>Populaire dans le monde entier et transcendant les tendances, le Land Cruiser reste ind\u00e9modable, \u00e0 l\u2019image de la nouvelle First Edition, disponible exclusivement en pr\u00e9vente.[\/vc_column_text][vc_empty_space height=\u00a0\u00bb50px\u00a0\u00bb][vc_column_text css=\u00a0\u00bb\u00a0\u00bb]<span style=\"color: #be0e1d;\">Design<\/span><\/p>\n<h1>RETOUR AUX SOURCES<\/h1>\n<p>La fonction du Land Cruiser original, con\u00e7u plut\u00f4t que dessin\u00e9, primait clairement sur sa forme. C\u2019est pr\u00e9cis\u00e9ment ce concept d\u2019authentique robustesse qui a fa\u00e7onn\u00e9 le nouveau Land Cruiser. Arborant un look \u00e0 la fois simple et \u00e9pur\u00e9, ce nouveau 4&#215;4 de r\u00e9f\u00e9rence tout en puissance incarne l\u2019esprit m\u00eame de l\u2019aventure avec un grand A.[\/vc_column_text][vc_empty_space height=\u00a0\u00bb50px\u00a0\u00bb][\/vc_column][\/vc_row][vc_row css_animation=\u00a0\u00bb\u00a0\u00bb row_type=\u00a0\u00bbrow\u00a0\u00bb use_row_as_full_screen_section=\u00a0\u00bbno\u00a0\u00bb type=\u00a0\u00bbfull_width\u00a0\u00bb angled_section=\u00a0\u00bbno\u00a0\u00bb text_align=\u00a0\u00bbleft\u00a0\u00bb background_image_as_pattern=\u00a0\u00bbwithout_pattern\u00a0\u00bb z_index=\u00a0\u00bb\u00a0\u00bb][vc_column][vc_single_image image=\u00a0\u00bb19694&Prime; img_size=\u00a0\u00bbfull\u00a0\u00bb alignment=\u00a0\u00bbcenter\u00a0\u00bb css=\u00a0\u00bb\u00a0\u00bb qode_css_animation=\u00a0\u00bb\u00a0\u00bb][\/vc_column][\/vc_row][vc_row css_animation=\u00a0\u00bb\u00a0\u00bb row_type=\u00a0\u00bbrow\u00a0\u00bb use_row_as_full_screen_section=\u00a0\u00bbno\u00a0\u00bb type=\u00a0\u00bbfull_width\u00a0\u00bb angled_section=\u00a0\u00bbno\u00a0\u00bb text_align=\u00a0\u00bbleft\u00a0\u00bb background_image_as_pattern=\u00a0\u00bbwithout_pattern\u00a0\u00bb][vc_column][vc_empty_space height=\u00a0\u00bb50px\u00a0\u00bb][vc_column_text css=\u00a0\u00bb\u00a0\u00bb]<\/p>\n<h1>AUSSI PUISSANT QU\u2019ESTH\u00c9TIQUE<\/h1>\n<p>Chaque \u00e9l\u00e9ment du nouveau Land Cruiser est m\u00fbrement r\u00e9fl\u00e9chi. La ceinture de caisse basse cr\u00e9e un habitacle lumineux offrant une excellente visibilit\u00e9 panoramique. D\u00e9port\u00e9s par rapport aux coins du v\u00e9hicule, les projecteurs sont prot\u00e9g\u00e9s.[\/vc_column_text][vc_empty_space height=\u00a0\u00bb50px\u00a0\u00bb][\/vc_column][\/vc_row][vc_row css_animation=\u00a0\u00bb\u00a0\u00bb row_type=\u00a0\u00bbrow\u00a0\u00bb use_row_as_full_screen_section=\u00a0\u00bbno\u00a0\u00bb type=\u00a0\u00bbfull_width\u00a0\u00bb angled_section=\u00a0\u00bbno\u00a0\u00bb text_align=\u00a0\u00bbleft\u00a0\u00bb background_image_as_pattern=\u00a0\u00bbwithout_pattern\u00a0\u00bb z_index=\u00a0\u00bb\u00a0\u00bb][vc_column][vc_single_image image=\u00a0\u00bb19696&Prime; img_size=\u00a0\u00bbfull\u00a0\u00bb alignment=\u00a0\u00bbcenter\u00a0\u00bb css=\u00a0\u00bb\u00a0\u00bb qode_css_animation=\u00a0\u00bb\u00a0\u00bb][\/vc_column][\/vc_row][vc_row css_animation=\u00a0\u00bb\u00a0\u00bb row_type=\u00a0\u00bbrow\u00a0\u00bb use_row_as_full_screen_section=\u00a0\u00bbno\u00a0\u00bb type=\u00a0\u00bbfull_width\u00a0\u00bb angled_section=\u00a0\u00bbno\u00a0\u00bb text_align=\u00a0\u00bbleft\u00a0\u00bb background_image_as_pattern=\u00a0\u00bbwithout_pattern\u00a0\u00bb][vc_column][vc_empty_space height=\u00a0\u00bb50px\u00a0\u00bb][vc_column_text css=\u00a0\u00bb\u00a0\u00bb]<\/p>\n<h1>D\u00c9FIER L\u2019IMPOSSIBLE<\/h1>\n<p>Les jantes 20&Prime; offrent une adh\u00e9rence et une motricit\u00e9 tout-terrain impressionnantes. Et gr\u00e2ce aux passages de roue trap\u00e9zo\u00efdaux, la boue s\u2019\u00e9vacue facilement pour progresser sans effort dans les conditions les plus difficiles.[\/vc_column_text][vc_empty_space height=\u00a0\u00bb50px\u00a0\u00bb][\/vc_column][\/vc_row][vc_row css_animation=\u00a0\u00bb\u00a0\u00bb row_type=\u00a0\u00bbrow\u00a0\u00bb use_row_as_full_screen_section=\u00a0\u00bbno\u00a0\u00bb type=\u00a0\u00bbfull_width\u00a0\u00bb angled_section=\u00a0\u00bbno\u00a0\u00bb text_align=\u00a0\u00bbleft\u00a0\u00bb background_image_as_pattern=\u00a0\u00bbwithout_pattern\u00a0\u00bb z_index=\u00a0\u00bb\u00a0\u00bb][vc_column][vc_single_image image=\u00a0\u00bb19699&Prime; img_size=\u00a0\u00bbfull\u00a0\u00bb alignment=\u00a0\u00bbcenter\u00a0\u00bb css=\u00a0\u00bb\u00a0\u00bb qode_css_animation=\u00a0\u00bb\u00a0\u00bb][\/vc_column][\/vc_row][vc_row css_animation=\u00a0\u00bb\u00a0\u00bb row_type=\u00a0\u00bbrow\u00a0\u00bb use_row_as_full_screen_section=\u00a0\u00bbno\u00a0\u00bb type=\u00a0\u00bbfull_width\u00a0\u00bb angled_section=\u00a0\u00bbno\u00a0\u00bb text_align=\u00a0\u00bbleft\u00a0\u00bb background_image_as_pattern=\u00a0\u00bbwithout_pattern\u00a0\u00bb][vc_column][vc_empty_space height=\u00a0\u00bb50px\u00a0\u00bb][vc_column_text css=\u00a0\u00bb\u00a0\u00bb]<\/p>\n<h1>AU-DESSUS DE VOUS, RIEN QUE LE CIEL<\/h1>\n<p>Le toit panoramique du Land Cruiser, qui s\u2019\u00e9tend sur toute la longueur du v\u00e9hicule, est une invitation \u00e0 l\u2019\u00e9merveillement. Partout o\u00f9 l\u2019aventure vous m\u00e8ne, profitez donc du spectacle.[\/vc_column_text][vc_empty_space height=\u00a0\u00bb50px\u00a0\u00bb][\/vc_column][\/vc_row][vc_row css_animation=\u00a0\u00bb\u00a0\u00bb row_type=\u00a0\u00bbrow\u00a0\u00bb use_row_as_full_screen_section=\u00a0\u00bbno\u00a0\u00bb type=\u00a0\u00bbfull_width\u00a0\u00bb angled_section=\u00a0\u00bbno\u00a0\u00bb text_align=\u00a0\u00bbleft\u00a0\u00bb background_image_as_pattern=\u00a0\u00bbwithout_pattern\u00a0\u00bb z_index=\u00a0\u00bb\u00a0\u00bb][vc_column][vc_single_image image=\u00a0\u00bb19700&Prime; img_size=\u00a0\u00bbfull\u00a0\u00bb alignment=\u00a0\u00bbcenter\u00a0\u00bb css=\u00a0\u00bb\u00a0\u00bb qode_css_animation=\u00a0\u00bb\u00a0\u00bb][\/vc_column][\/vc_row][vc_row css_animation=\u00a0\u00bb\u00a0\u00bb row_type=\u00a0\u00bbrow\u00a0\u00bb use_row_as_full_screen_section=\u00a0\u00bbno\u00a0\u00bb type=\u00a0\u00bbfull_width\u00a0\u00bb angled_section=\u00a0\u00bbno\u00a0\u00bb text_align=\u00a0\u00bbleft\u00a0\u00bb background_image_as_pattern=\u00a0\u00bbwithout_pattern\u00a0\u00bb][vc_column][vc_empty_space height=\u00a0\u00bb50px\u00a0\u00bb][vc_column_text css=\u00a0\u00bb\u00a0\u00bb]<\/p>\n<h1>EXCELLENTE VISIBILIT\u00c9 PANORAMIQUE<\/h1>\n<p>Les conditions de conduite difficiles exigent une bonne visibilit\u00e9. L\u2019assise haute du Land Cruiser et le tableau de bord abaiss\u00e9 offrent une vue d\u00e9gag\u00e9e sur les abords du v\u00e9hicule.[\/vc_column_text][vc_empty_space height=\u00a0\u00bb50px\u00a0\u00bb][\/vc_column][\/vc_row][vc_row css_animation=\u00a0\u00bb\u00a0\u00bb row_type=\u00a0\u00bbrow\u00a0\u00bb use_row_as_full_screen_section=\u00a0\u00bbno\u00a0\u00bb type=\u00a0\u00bbfull_width\u00a0\u00bb angled_section=\u00a0\u00bbno\u00a0\u00bb text_align=\u00a0\u00bbleft\u00a0\u00bb background_image_as_pattern=\u00a0\u00bbwithout_pattern\u00a0\u00bb z_index=\u00a0\u00bb\u00a0\u00bb][vc_column][vc_single_image image=\u00a0\u00bb19697&Prime; img_size=\u00a0\u00bbfull\u00a0\u00bb alignment=\u00a0\u00bbcenter\u00a0\u00bb css=\u00a0\u00bb\u00a0\u00bb qode_css_animation=\u00a0\u00bb\u00a0\u00bb][\/vc_column][\/vc_row][vc_row css_animation=\u00a0\u00bb\u00a0\u00bb row_type=\u00a0\u00bbrow\u00a0\u00bb use_row_as_full_screen_section=\u00a0\u00bbno\u00a0\u00bb type=\u00a0\u00bbfull_width\u00a0\u00bb angled_section=\u00a0\u00bbno\u00a0\u00bb text_align=\u00a0\u00bbleft\u00a0\u00bb background_image_as_pattern=\u00a0\u00bbwithout_pattern\u00a0\u00bb][vc_column][vc_empty_space height=\u00a0\u00bb50px\u00a0\u00bb][vc_column_text css=\u00a0\u00bb\u00a0\u00bb]<\/p>\n<h1>DES COMMANDES INTUITIVES<\/h1>\n<p>Se basant sur les retours des pilotes de rallye professionnels de Toyota, la zone critique autour du levier de vitesses est un chef-d\u2019\u0153uvre d\u2019ergonomie.[\/vc_column_text][vc_empty_space height=\u00a0\u00bb50px\u00a0\u00bb][\/vc_column][\/vc_row][vc_row css_animation=\u00a0\u00bb\u00a0\u00bb row_type=\u00a0\u00bbrow\u00a0\u00bb use_row_as_full_screen_section=\u00a0\u00bbno\u00a0\u00bb type=\u00a0\u00bbfull_width\u00a0\u00bb angled_section=\u00a0\u00bbno\u00a0\u00bb text_align=\u00a0\u00bbleft\u00a0\u00bb background_image_as_pattern=\u00a0\u00bbwithout_pattern\u00a0\u00bb z_index=\u00a0\u00bb\u00a0\u00bb][vc_column][vc_single_image image=\u00a0\u00bb19701&Prime; img_size=\u00a0\u00bbfull\u00a0\u00bb alignment=\u00a0\u00bbcenter\u00a0\u00bb css=\u00a0\u00bb\u00a0\u00bb qode_css_animation=\u00a0\u00bb\u00a0\u00bb][\/vc_column][\/vc_row][vc_row css_animation=\u00a0\u00bb\u00a0\u00bb row_type=\u00a0\u00bbrow\u00a0\u00bb use_row_as_full_screen_section=\u00a0\u00bbno\u00a0\u00bb type=\u00a0\u00bbfull_width\u00a0\u00bb angled_section=\u00a0\u00bbno\u00a0\u00bb text_align=\u00a0\u00bbleft\u00a0\u00bb background_image_as_pattern=\u00a0\u00bbwithout_pattern\u00a0\u00bb][vc_column][vc_empty_space height=\u00a0\u00bb50px\u00a0\u00bb][vc_column_text css=\u00a0\u00bb\u00a0\u00bb]<\/p>\n<h1>DE L\u2019ESPACE \u00c0 REVENDRE<\/h1>\n<p>Flexible et polyvalent, l\u2019espace de chargement g\u00e9n\u00e9reux peut \u00eatre accru en rabattant les deuxi\u00e8me et troisi\u00e8me rang\u00e9es de si\u00e8ges.[\/vc_column_text][vc_empty_space height=\u00a0\u00bb50px\u00a0\u00bb][\/vc_column][\/vc_row][vc_row css_animation=\u00a0\u00bb\u00a0\u00bb row_type=\u00a0\u00bbrow\u00a0\u00bb use_row_as_full_screen_section=\u00a0\u00bbno\u00a0\u00bb type=\u00a0\u00bbfull_width\u00a0\u00bb angled_section=\u00a0\u00bbno\u00a0\u00bb text_align=\u00a0\u00bbleft\u00a0\u00bb background_image_as_pattern=\u00a0\u00bbwithout_pattern\u00a0\u00bb][vc_column][vc_empty_space height=\u00a0\u00bb50px\u00a0\u00bb][vc_column_text css=\u00a0\u00bb\u00a0\u00bb]<span style=\"color: #be0e1d;\">Capacit\u00e9s<\/span><\/p>\n<h1>UN V\u00c9RITABLE BAROUDEUR<\/h1>\n<p>[\/vc_column_text][vc_empty_space height=\u00a0\u00bb50px\u00a0\u00bb][\/vc_column][\/vc_row][vc_row css_animation=\u00a0\u00bb\u00a0\u00bb row_type=\u00a0\u00bbrow\u00a0\u00bb use_row_as_full_screen_section=\u00a0\u00bbno\u00a0\u00bb type=\u00a0\u00bbfull_width\u00a0\u00bb angled_section=\u00a0\u00bbno\u00a0\u00bb text_align=\u00a0\u00bbleft\u00a0\u00bb video=\u00a0\u00bbshow_video\u00a0\u00bb background_image_as_pattern=\u00a0\u00bbwithout_pattern\u00a0\u00bb z_index=\u00a0\u00bb\u00a0\u00bb video_mp4=\u00a0\u00bbhttps:\/\/garageduvernay.ch\/newsite\/wp-content\/uploads\/2024\/06\/LC_250_TechLayer_01.mp4&Prime; video_image=\u00a0\u00bb19702&Prime; padding_top=\u00a0\u00bb300&Prime; padding_bottom=\u00a0\u00bb300&Prime;][vc_column video_bg=\u00a0\u00bbyes\u00a0\u00bb video_bg_url=\u00a0\u00bbhttps:\/\/garageduvernay.ch\/newsite\/wp-content\/uploads\/2024\/06\/toyota-land-cruiser-2024-timeless.mp4&Prime;][\/vc_column][\/vc_row][vc_row css_animation=\u00a0\u00bb\u00a0\u00bb row_type=\u00a0\u00bbrow\u00a0\u00bb use_row_as_full_screen_section=\u00a0\u00bbno\u00a0\u00bb type=\u00a0\u00bbfull_width\u00a0\u00bb angled_section=\u00a0\u00bbno\u00a0\u00bb text_align=\u00a0\u00bbleft\u00a0\u00bb background_image_as_pattern=\u00a0\u00bbwithout_pattern\u00a0\u00bb][vc_column][vc_empty_space height=\u00a0\u00bb50px\u00a0\u00bb][vc_column_text css=\u00a0\u00bb\u00a0\u00bb]<\/p>\n<h1>JAMAIS COINC\u00c9<\/h1>\n<p>La silhouette intemporelle du Land Cruiser n\u2019est pas qu\u2019une question d\u2019esth\u00e9tique. Le ch\u00e2ssis rigide renforc\u00e9 sous la carrosserie assure une meilleure maniabilit\u00e9 et am\u00e9liore la conduite. Les porte-\u00e0-faux courts et la posture sur\u00e9lev\u00e9e offrent la garde au sol et la profondeur de gu\u00e9 n\u00e9cessaires pour aller l\u00e0 o\u00f9 d\u2019autres n\u2019osent pas s\u2019aventurer.[\/vc_column_text][vc_empty_space height=\u00a0\u00bb50px\u00a0\u00bb][\/vc_column][\/vc_row][vc_row css_animation=\u00a0\u00bb\u00a0\u00bb row_type=\u00a0\u00bbrow\u00a0\u00bb use_row_as_full_screen_section=\u00a0\u00bbyes\u00a0\u00bb type=\u00a0\u00bbfull_width\u00a0\u00bb angled_section=\u00a0\u00bbno\u00a0\u00bb text_align=\u00a0\u00bbleft\u00a0\u00bb video=\u00a0\u00bbshow_video\u00a0\u00bb background_image_as_pattern=\u00a0\u00bbwithout_pattern\u00a0\u00bb z_index=\u00a0\u00bb\u00a0\u00bb video_mp4=\u00a0\u00bbhttps:\/\/garageduvernay.ch\/newsite\/wp-content\/uploads\/2024\/06\/LC_250_TechLayer_02.mp4&Prime; video_image=\u00a0\u00bb19706&Prime; padding_top=\u00a0\u00bb400&Prime; padding_bottom=\u00a0\u00bb400&Prime;][vc_column video_bg=\u00a0\u00bbyes\u00a0\u00bb video_bg_url=\u00a0\u00bbhttps:\/\/garageduvernay.ch\/newsite\/wp-content\/uploads\/2024\/06\/toyota-land-cruiser-2024-timeless.mp4&Prime;][\/vc_column][\/vc_row][vc_row css_animation=\u00a0\u00bb\u00a0\u00bb row_type=\u00a0\u00bbrow\u00a0\u00bb use_row_as_full_screen_section=\u00a0\u00bbno\u00a0\u00bb type=\u00a0\u00bbfull_width\u00a0\u00bb angled_section=\u00a0\u00bbno\u00a0\u00bb text_align=\u00a0\u00bbleft\u00a0\u00bb background_image_as_pattern=\u00a0\u00bbwithout_pattern\u00a0\u00bb][vc_column][vc_empty_space height=\u00a0\u00bb50px\u00a0\u00bb][vc_column_text css=\u00a0\u00bb\u00a0\u00bb]<\/p>\n<h1>PAR\u00c9 \u00c0 RELEVER TOUS LES D\u00c9FIS<\/h1>\n<p>Le syst\u00e8me Multi-Terrain Select optimise la suspension et le groupe motopropulseur en fonction du type de terrain. Et lorsque la conduite devient plus technique, le syst\u00e8me Crawl Control (r\u00e9gulateur de vitesse tout-terrain) g\u00e8re la vitesse pour que vous puissiez vous concentrer sur le positionnement des roues et la direction.[\/vc_column_text][vc_empty_space height=\u00a0\u00bb50px\u00a0\u00bb][\/vc_column][\/vc_row][vc_row css_animation=\u00a0\u00bb\u00a0\u00bb row_type=\u00a0\u00bbrow\u00a0\u00bb use_row_as_full_screen_section=\u00a0\u00bbno\u00a0\u00bb type=\u00a0\u00bbfull_width\u00a0\u00bb angled_section=\u00a0\u00bbno\u00a0\u00bb text_align=\u00a0\u00bbleft\u00a0\u00bb background_image_as_pattern=\u00a0\u00bbwithout_pattern\u00a0\u00bb z_index=\u00a0\u00bb\u00a0\u00bb][vc_column][vc_single_image image=\u00a0\u00bb19698&Prime; img_size=\u00a0\u00bbfull\u00a0\u00bb alignment=\u00a0\u00bbcenter\u00a0\u00bb css=\u00a0\u00bb\u00a0\u00bb qode_css_animation=\u00a0\u00bb\u00a0\u00bb][\/vc_column][\/vc_row][vc_row css_animation=\u00a0\u00bb\u00a0\u00bb row_type=\u00a0\u00bbrow\u00a0\u00bb use_row_as_full_screen_section=\u00a0\u00bbno\u00a0\u00bb type=\u00a0\u00bbfull_width\u00a0\u00bb angled_section=\u00a0\u00bbno\u00a0\u00bb text_align=\u00a0\u00bbleft\u00a0\u00bb background_image_as_pattern=\u00a0\u00bbwithout_pattern\u00a0\u00bb][vc_column][vc_empty_space height=\u00a0\u00bb50px\u00a0\u00bb]<div class=\"qode-advanced-image-gallery  qode-aig-masonry-type qode-no-space  qode-image-behavior-lightbox \">\n\t<div class=\"qode-aig-inner qode-outer-space qode-aig-masonry qode-aig-four-columns\">\n\t\t<div class=\"qode-aig-grid-sizer\"><\/div>\n\t\t<div class=\"qode-aig-grid-gutter\"><\/div>\n\t\t\t\t\t\t\t\t<div class=\"qode-aig-image qode-item-space qode-aig-default-masonry-item\">\n\t\t\t\t<div class=\"qode-aig-image-inner\">\n\t\t\t\t\t\t\t\t\t\t\t<a itemprop=\"image\" class=\"qode-aig-lightbox\" href=\"https:\/\/garageduvernay.ch\/newsite\/wp-content\/uploads\/2022\/04\/Toyota-Land_Cruiser-2024-Garage_du_Vernay-01-scaled.webp\" data-rel=\"prettyPhoto[image_gallery_pretty_photo-959]\" title=\"Toyota-Land_Cruiser-2024-Garage_du_Vernay-01\">\n\t\t\t\t\t\t\t\t\t\t\t\t\t<img loading=\"lazy\" decoding=\"async\" width=\"2560\" height=\"1440\" src=\"https:\/\/garageduvernay.ch\/newsite\/wp-content\/uploads\/2022\/04\/Toyota-Land_Cruiser-2024-Garage_du_Vernay-01-scaled.webp\" class=\"attachment-full size-full\" alt=\"Toyota Land Cruiser 2024\" srcset=\"https:\/\/garageduvernay.ch\/newsite\/wp-content\/uploads\/2022\/04\/Toyota-Land_Cruiser-2024-Garage_du_Vernay-01-scaled.webp 2560w, https:\/\/garageduvernay.ch\/newsite\/wp-content\/uploads\/2022\/04\/Toyota-Land_Cruiser-2024-Garage_du_Vernay-01-300x169.webp 300w, https:\/\/garageduvernay.ch\/newsite\/wp-content\/uploads\/2022\/04\/Toyota-Land_Cruiser-2024-Garage_du_Vernay-01-1024x576.webp 1024w, https:\/\/garageduvernay.ch\/newsite\/wp-content\/uploads\/2022\/04\/Toyota-Land_Cruiser-2024-Garage_du_Vernay-01-768x432.webp 768w, https:\/\/garageduvernay.ch\/newsite\/wp-content\/uploads\/2022\/04\/Toyota-Land_Cruiser-2024-Garage_du_Vernay-01-1536x864.webp 1536w, https:\/\/garageduvernay.ch\/newsite\/wp-content\/uploads\/2022\/04\/Toyota-Land_Cruiser-2024-Garage_du_Vernay-01-2048x1152.webp 2048w, https:\/\/garageduvernay.ch\/newsite\/wp-content\/uploads\/2022\/04\/Toyota-Land_Cruiser-2024-Garage_du_Vernay-01-700x394.webp 700w, https:\/\/garageduvernay.ch\/newsite\/wp-content\/uploads\/2022\/04\/Toyota-Land_Cruiser-2024-Garage_du_Vernay-01-539x303.webp 539w\" sizes=\"auto, (max-width: 2560px) 100vw, 2560px\" \/>\t\t\t\t\t\t<span class=\"aig-gallery-hover\">\n\t\t\t\t\t\t\t\t\t\t\t\t\t\t\t<span class=\"icon-arrows-plus\"><\/span> \n\t\t\t\t\t\t\t\t\t\t\t\t\t<\/span>\n\t\t\t\t\t\t\t\t\t\t\t<\/a>\n\t\t\t\t\t\t\t\t\t<\/div>\n\t\t\t<\/div>\n\t\t\t\t\t\t\t\t\t\t\t<div class=\"qode-aig-image qode-item-space qode-aig-default-masonry-item\">\n\t\t\t\t<div class=\"qode-aig-image-inner\">\n\t\t\t\t\t\t\t\t\t\t\t<a itemprop=\"image\" class=\"qode-aig-lightbox\" href=\"https:\/\/garageduvernay.ch\/newsite\/wp-content\/uploads\/2022\/04\/Toyota-Land_Cruiser-2024-Garage_du_Vernay-02-scaled.webp\" data-rel=\"prettyPhoto[image_gallery_pretty_photo-959]\" title=\"Toyota-Land_Cruiser-2024-Garage_du_Vernay-02\">\n\t\t\t\t\t\t\t\t\t\t\t\t\t<img loading=\"lazy\" decoding=\"async\" width=\"2560\" height=\"1440\" src=\"https:\/\/garageduvernay.ch\/newsite\/wp-content\/uploads\/2022\/04\/Toyota-Land_Cruiser-2024-Garage_du_Vernay-02-scaled.webp\" class=\"attachment-full size-full\" alt=\"Toyota Land Cruiser 2024\" srcset=\"https:\/\/garageduvernay.ch\/newsite\/wp-content\/uploads\/2022\/04\/Toyota-Land_Cruiser-2024-Garage_du_Vernay-02-scaled.webp 2560w, https:\/\/garageduvernay.ch\/newsite\/wp-content\/uploads\/2022\/04\/Toyota-Land_Cruiser-2024-Garage_du_Vernay-02-300x169.webp 300w, https:\/\/garageduvernay.ch\/newsite\/wp-content\/uploads\/2022\/04\/Toyota-Land_Cruiser-2024-Garage_du_Vernay-02-1024x576.webp 1024w, https:\/\/garageduvernay.ch\/newsite\/wp-content\/uploads\/2022\/04\/Toyota-Land_Cruiser-2024-Garage_du_Vernay-02-768x432.webp 768w, https:\/\/garageduvernay.ch\/newsite\/wp-content\/uploads\/2022\/04\/Toyota-Land_Cruiser-2024-Garage_du_Vernay-02-1536x864.webp 1536w, https:\/\/garageduvernay.ch\/newsite\/wp-content\/uploads\/2022\/04\/Toyota-Land_Cruiser-2024-Garage_du_Vernay-02-2048x1152.webp 2048w, https:\/\/garageduvernay.ch\/newsite\/wp-content\/uploads\/2022\/04\/Toyota-Land_Cruiser-2024-Garage_du_Vernay-02-700x394.webp 700w, https:\/\/garageduvernay.ch\/newsite\/wp-content\/uploads\/2022\/04\/Toyota-Land_Cruiser-2024-Garage_du_Vernay-02-539x303.webp 539w\" sizes=\"auto, (max-width: 2560px) 100vw, 2560px\" \/>\t\t\t\t\t\t<span class=\"aig-gallery-hover\">\n\t\t\t\t\t\t\t\t\t\t\t\t\t\t\t<span class=\"icon-arrows-plus\"><\/span> \n\t\t\t\t\t\t\t\t\t\t\t\t\t<\/span>\n\t\t\t\t\t\t\t\t\t\t\t<\/a>\n\t\t\t\t\t\t\t\t\t<\/div>\n\t\t\t<\/div>\n\t\t\t\t\t\t\t\t\t\t\t<div class=\"qode-aig-image qode-item-space qode-aig-default-masonry-item\">\n\t\t\t\t<div class=\"qode-aig-image-inner\">\n\t\t\t\t\t\t\t\t\t\t\t<a itemprop=\"image\" class=\"qode-aig-lightbox\" href=\"https:\/\/garageduvernay.ch\/newsite\/wp-content\/uploads\/2022\/04\/Toyota-Land_Cruiser-2024-Garage_du_Vernay-03-scaled.webp\" data-rel=\"prettyPhoto[image_gallery_pretty_photo-959]\" title=\"Toyota-Land_Cruiser-2024-Garage_du_Vernay-03\">\n\t\t\t\t\t\t\t\t\t\t\t\t\t<img loading=\"lazy\" decoding=\"async\" width=\"2560\" height=\"1440\" src=\"https:\/\/garageduvernay.ch\/newsite\/wp-content\/uploads\/2022\/04\/Toyota-Land_Cruiser-2024-Garage_du_Vernay-03-scaled.webp\" class=\"attachment-full size-full\" alt=\"Toyota Land Cruiser 2024\" srcset=\"https:\/\/garageduvernay.ch\/newsite\/wp-content\/uploads\/2022\/04\/Toyota-Land_Cruiser-2024-Garage_du_Vernay-03-scaled.webp 2560w, https:\/\/garageduvernay.ch\/newsite\/wp-content\/uploads\/2022\/04\/Toyota-Land_Cruiser-2024-Garage_du_Vernay-03-300x169.webp 300w, https:\/\/garageduvernay.ch\/newsite\/wp-content\/uploads\/2022\/04\/Toyota-Land_Cruiser-2024-Garage_du_Vernay-03-1024x576.webp 1024w, https:\/\/garageduvernay.ch\/newsite\/wp-content\/uploads\/2022\/04\/Toyota-Land_Cruiser-2024-Garage_du_Vernay-03-768x432.webp 768w, https:\/\/garageduvernay.ch\/newsite\/wp-content\/uploads\/2022\/04\/Toyota-Land_Cruiser-2024-Garage_du_Vernay-03-1536x864.webp 1536w, https:\/\/garageduvernay.ch\/newsite\/wp-content\/uploads\/2022\/04\/Toyota-Land_Cruiser-2024-Garage_du_Vernay-03-2048x1152.webp 2048w, https:\/\/garageduvernay.ch\/newsite\/wp-content\/uploads\/2022\/04\/Toyota-Land_Cruiser-2024-Garage_du_Vernay-03-700x394.webp 700w, https:\/\/garageduvernay.ch\/newsite\/wp-content\/uploads\/2022\/04\/Toyota-Land_Cruiser-2024-Garage_du_Vernay-03-539x303.webp 539w\" sizes=\"auto, (max-width: 2560px) 100vw, 2560px\" \/>\t\t\t\t\t\t<span class=\"aig-gallery-hover\">\n\t\t\t\t\t\t\t\t\t\t\t\t\t\t\t<span class=\"icon-arrows-plus\"><\/span> \n\t\t\t\t\t\t\t\t\t\t\t\t\t<\/span>\n\t\t\t\t\t\t\t\t\t\t\t<\/a>\n\t\t\t\t\t\t\t\t\t<\/div>\n\t\t\t<\/div>\n\t\t\t\t\t\t\t\t\t\t\t<div class=\"qode-aig-image qode-item-space qode-aig-default-masonry-item\">\n\t\t\t\t<div class=\"qode-aig-image-inner\">\n\t\t\t\t\t\t\t\t\t\t\t<a itemprop=\"image\" class=\"qode-aig-lightbox\" href=\"https:\/\/garageduvernay.ch\/newsite\/wp-content\/uploads\/2022\/04\/Toyota-Land_Cruiser-2024-Garage_du_Vernay-04-scaled.webp\" data-rel=\"prettyPhoto[image_gallery_pretty_photo-959]\" title=\"Toyota-Land_Cruiser-2024-Garage_du_Vernay-04\">\n\t\t\t\t\t\t\t\t\t\t\t\t\t<img loading=\"lazy\" decoding=\"async\" width=\"2560\" height=\"1440\" src=\"https:\/\/garageduvernay.ch\/newsite\/wp-content\/uploads\/2022\/04\/Toyota-Land_Cruiser-2024-Garage_du_Vernay-04-scaled.webp\" class=\"attachment-full size-full\" alt=\"Toyota Land Cruiser 2024\" srcset=\"https:\/\/garageduvernay.ch\/newsite\/wp-content\/uploads\/2022\/04\/Toyota-Land_Cruiser-2024-Garage_du_Vernay-04-scaled.webp 2560w, https:\/\/garageduvernay.ch\/newsite\/wp-content\/uploads\/2022\/04\/Toyota-Land_Cruiser-2024-Garage_du_Vernay-04-300x169.webp 300w, https:\/\/garageduvernay.ch\/newsite\/wp-content\/uploads\/2022\/04\/Toyota-Land_Cruiser-2024-Garage_du_Vernay-04-1024x576.webp 1024w, https:\/\/garageduvernay.ch\/newsite\/wp-content\/uploads\/2022\/04\/Toyota-Land_Cruiser-2024-Garage_du_Vernay-04-768x432.webp 768w, https:\/\/garageduvernay.ch\/newsite\/wp-content\/uploads\/2022\/04\/Toyota-Land_Cruiser-2024-Garage_du_Vernay-04-1536x864.webp 1536w, https:\/\/garageduvernay.ch\/newsite\/wp-content\/uploads\/2022\/04\/Toyota-Land_Cruiser-2024-Garage_du_Vernay-04-2048x1152.webp 2048w, https:\/\/garageduvernay.ch\/newsite\/wp-content\/uploads\/2022\/04\/Toyota-Land_Cruiser-2024-Garage_du_Vernay-04-700x394.webp 700w, https:\/\/garageduvernay.ch\/newsite\/wp-content\/uploads\/2022\/04\/Toyota-Land_Cruiser-2024-Garage_du_Vernay-04-539x303.webp 539w\" sizes=\"auto, (max-width: 2560px) 100vw, 2560px\" \/>\t\t\t\t\t\t<span class=\"aig-gallery-hover\">\n\t\t\t\t\t\t\t\t\t\t\t\t\t\t\t<span class=\"icon-arrows-plus\"><\/span> \n\t\t\t\t\t\t\t\t\t\t\t\t\t<\/span>\n\t\t\t\t\t\t\t\t\t\t\t<\/a>\n\t\t\t\t\t\t\t\t\t<\/div>\n\t\t\t<\/div>\n\t\t\t\t\t\t\t\t\t\t\t<div class=\"qode-aig-image qode-item-space qode-aig-default-masonry-item\">\n\t\t\t\t<div class=\"qode-aig-image-inner\">\n\t\t\t\t\t\t\t\t\t\t\t<a itemprop=\"image\" class=\"qode-aig-lightbox\" href=\"https:\/\/garageduvernay.ch\/newsite\/wp-content\/uploads\/2022\/04\/Toyota-Land_Cruiser-2024-Garage_du_Vernay-05-scaled.webp\" data-rel=\"prettyPhoto[image_gallery_pretty_photo-959]\" title=\"Toyota-Land_Cruiser-2024-Garage_du_Vernay-05\">\n\t\t\t\t\t\t\t\t\t\t\t\t\t<img loading=\"lazy\" decoding=\"async\" width=\"2560\" height=\"1440\" src=\"https:\/\/garageduvernay.ch\/newsite\/wp-content\/uploads\/2022\/04\/Toyota-Land_Cruiser-2024-Garage_du_Vernay-05-scaled.webp\" class=\"attachment-full size-full\" alt=\"Toyota Land Cruiser 2024\" srcset=\"https:\/\/garageduvernay.ch\/newsite\/wp-content\/uploads\/2022\/04\/Toyota-Land_Cruiser-2024-Garage_du_Vernay-05-scaled.webp 2560w, https:\/\/garageduvernay.ch\/newsite\/wp-content\/uploads\/2022\/04\/Toyota-Land_Cruiser-2024-Garage_du_Vernay-05-300x169.webp 300w, https:\/\/garageduvernay.ch\/newsite\/wp-content\/uploads\/2022\/04\/Toyota-Land_Cruiser-2024-Garage_du_Vernay-05-1024x576.webp 1024w, https:\/\/garageduvernay.ch\/newsite\/wp-content\/uploads\/2022\/04\/Toyota-Land_Cruiser-2024-Garage_du_Vernay-05-768x432.webp 768w, https:\/\/garageduvernay.ch\/newsite\/wp-content\/uploads\/2022\/04\/Toyota-Land_Cruiser-2024-Garage_du_Vernay-05-1536x864.webp 1536w, https:\/\/garageduvernay.ch\/newsite\/wp-content\/uploads\/2022\/04\/Toyota-Land_Cruiser-2024-Garage_du_Vernay-05-2048x1152.webp 2048w, https:\/\/garageduvernay.ch\/newsite\/wp-content\/uploads\/2022\/04\/Toyota-Land_Cruiser-2024-Garage_du_Vernay-05-700x394.webp 700w, https:\/\/garageduvernay.ch\/newsite\/wp-content\/uploads\/2022\/04\/Toyota-Land_Cruiser-2024-Garage_du_Vernay-05-539x303.webp 539w\" sizes=\"auto, (max-width: 2560px) 100vw, 2560px\" \/>\t\t\t\t\t\t<span class=\"aig-gallery-hover\">\n\t\t\t\t\t\t\t\t\t\t\t\t\t\t\t<span class=\"icon-arrows-plus\"><\/span> \n\t\t\t\t\t\t\t\t\t\t\t\t\t<\/span>\n\t\t\t\t\t\t\t\t\t\t\t<\/a>\n\t\t\t\t\t\t\t\t\t<\/div>\n\t\t\t<\/div>\n\t\t\t\t\t\t\t\t\t\t\t<div class=\"qode-aig-image qode-item-space qode-aig-default-masonry-item\">\n\t\t\t\t<div class=\"qode-aig-image-inner\">\n\t\t\t\t\t\t\t\t\t\t\t<a itemprop=\"image\" class=\"qode-aig-lightbox\" href=\"https:\/\/garageduvernay.ch\/newsite\/wp-content\/uploads\/2022\/04\/Toyota-Land_Cruiser-2024-Garage_du_Vernay-06-scaled.webp\" data-rel=\"prettyPhoto[image_gallery_pretty_photo-959]\" title=\"Toyota-Land_Cruiser-2024-Garage_du_Vernay-06\">\n\t\t\t\t\t\t\t\t\t\t\t\t\t<img loading=\"lazy\" decoding=\"async\" width=\"2560\" height=\"1440\" src=\"https:\/\/garageduvernay.ch\/newsite\/wp-content\/uploads\/2022\/04\/Toyota-Land_Cruiser-2024-Garage_du_Vernay-06-scaled.webp\" class=\"attachment-full size-full\" alt=\"Toyota Land Cruiser 2024\" srcset=\"https:\/\/garageduvernay.ch\/newsite\/wp-content\/uploads\/2022\/04\/Toyota-Land_Cruiser-2024-Garage_du_Vernay-06-scaled.webp 2560w, https:\/\/garageduvernay.ch\/newsite\/wp-content\/uploads\/2022\/04\/Toyota-Land_Cruiser-2024-Garage_du_Vernay-06-300x169.webp 300w, https:\/\/garageduvernay.ch\/newsite\/wp-content\/uploads\/2022\/04\/Toyota-Land_Cruiser-2024-Garage_du_Vernay-06-1024x576.webp 1024w, https:\/\/garageduvernay.ch\/newsite\/wp-content\/uploads\/2022\/04\/Toyota-Land_Cruiser-2024-Garage_du_Vernay-06-768x432.webp 768w, https:\/\/garageduvernay.ch\/newsite\/wp-content\/uploads\/2022\/04\/Toyota-Land_Cruiser-2024-Garage_du_Vernay-06-1536x864.webp 1536w, https:\/\/garageduvernay.ch\/newsite\/wp-content\/uploads\/2022\/04\/Toyota-Land_Cruiser-2024-Garage_du_Vernay-06-2048x1152.webp 2048w, https:\/\/garageduvernay.ch\/newsite\/wp-content\/uploads\/2022\/04\/Toyota-Land_Cruiser-2024-Garage_du_Vernay-06-700x394.webp 700w, https:\/\/garageduvernay.ch\/newsite\/wp-content\/uploads\/2022\/04\/Toyota-Land_Cruiser-2024-Garage_du_Vernay-06-539x303.webp 539w\" sizes=\"auto, (max-width: 2560px) 100vw, 2560px\" \/>\t\t\t\t\t\t<span class=\"aig-gallery-hover\">\n\t\t\t\t\t\t\t\t\t\t\t\t\t\t\t<span class=\"icon-arrows-plus\"><\/span> \n\t\t\t\t\t\t\t\t\t\t\t\t\t<\/span>\n\t\t\t\t\t\t\t\t\t\t\t<\/a>\n\t\t\t\t\t\t\t\t\t<\/div>\n\t\t\t<\/div>\n\t\t\t\t\t\t\t\t\t\t\t<div class=\"qode-aig-image qode-item-space qode-aig-default-masonry-item\">\n\t\t\t\t<div class=\"qode-aig-image-inner\">\n\t\t\t\t\t\t\t\t\t\t\t<a itemprop=\"image\" class=\"qode-aig-lightbox\" href=\"https:\/\/garageduvernay.ch\/newsite\/wp-content\/uploads\/2022\/04\/Toyota-Land_Cruiser-2024-Garage_du_Vernay-07-scaled.webp\" data-rel=\"prettyPhoto[image_gallery_pretty_photo-959]\" title=\"Toyota-Land_Cruiser-2024-Garage_du_Vernay-07\">\n\t\t\t\t\t\t\t\t\t\t\t\t\t<img loading=\"lazy\" decoding=\"async\" width=\"2560\" height=\"1440\" src=\"https:\/\/garageduvernay.ch\/newsite\/wp-content\/uploads\/2022\/04\/Toyota-Land_Cruiser-2024-Garage_du_Vernay-07-scaled.webp\" class=\"attachment-full size-full\" alt=\"Toyota Land Cruiser 2024\" srcset=\"https:\/\/garageduvernay.ch\/newsite\/wp-content\/uploads\/2022\/04\/Toyota-Land_Cruiser-2024-Garage_du_Vernay-07-scaled.webp 2560w, https:\/\/garageduvernay.ch\/newsite\/wp-content\/uploads\/2022\/04\/Toyota-Land_Cruiser-2024-Garage_du_Vernay-07-300x169.webp 300w, https:\/\/garageduvernay.ch\/newsite\/wp-content\/uploads\/2022\/04\/Toyota-Land_Cruiser-2024-Garage_du_Vernay-07-1024x576.webp 1024w, https:\/\/garageduvernay.ch\/newsite\/wp-content\/uploads\/2022\/04\/Toyota-Land_Cruiser-2024-Garage_du_Vernay-07-768x432.webp 768w, https:\/\/garageduvernay.ch\/newsite\/wp-content\/uploads\/2022\/04\/Toyota-Land_Cruiser-2024-Garage_du_Vernay-07-1536x864.webp 1536w, https:\/\/garageduvernay.ch\/newsite\/wp-content\/uploads\/2022\/04\/Toyota-Land_Cruiser-2024-Garage_du_Vernay-07-2048x1152.webp 2048w, https:\/\/garageduvernay.ch\/newsite\/wp-content\/uploads\/2022\/04\/Toyota-Land_Cruiser-2024-Garage_du_Vernay-07-700x394.webp 700w, https:\/\/garageduvernay.ch\/newsite\/wp-content\/uploads\/2022\/04\/Toyota-Land_Cruiser-2024-Garage_du_Vernay-07-539x303.webp 539w\" sizes=\"auto, (max-width: 2560px) 100vw, 2560px\" \/>\t\t\t\t\t\t<span class=\"aig-gallery-hover\">\n\t\t\t\t\t\t\t\t\t\t\t\t\t\t\t<span class=\"icon-arrows-plus\"><\/span> \n\t\t\t\t\t\t\t\t\t\t\t\t\t<\/span>\n\t\t\t\t\t\t\t\t\t\t\t<\/a>\n\t\t\t\t\t\t\t\t\t<\/div>\n\t\t\t<\/div>\n\t\t\t\t\t\t\t\t\t\t\t<div class=\"qode-aig-image qode-item-space qode-aig-default-masonry-item\">\n\t\t\t\t<div class=\"qode-aig-image-inner\">\n\t\t\t\t\t\t\t\t\t\t\t<a itemprop=\"image\" class=\"qode-aig-lightbox\" href=\"https:\/\/garageduvernay.ch\/newsite\/wp-content\/uploads\/2022\/04\/Toyota-Land_Cruiser-2024-Garage_du_Vernay-08-scaled.webp\" data-rel=\"prettyPhoto[image_gallery_pretty_photo-959]\" title=\"Toyota-Land_Cruiser-2024-Garage_du_Vernay-08\">\n\t\t\t\t\t\t\t\t\t\t\t\t\t<img loading=\"lazy\" decoding=\"async\" width=\"2560\" height=\"1440\" src=\"https:\/\/garageduvernay.ch\/newsite\/wp-content\/uploads\/2022\/04\/Toyota-Land_Cruiser-2024-Garage_du_Vernay-08-scaled.webp\" class=\"attachment-full size-full\" alt=\"Toyota Land Cruiser 2024\" srcset=\"https:\/\/garageduvernay.ch\/newsite\/wp-content\/uploads\/2022\/04\/Toyota-Land_Cruiser-2024-Garage_du_Vernay-08-scaled.webp 2560w, https:\/\/garageduvernay.ch\/newsite\/wp-content\/uploads\/2022\/04\/Toyota-Land_Cruiser-2024-Garage_du_Vernay-08-300x169.webp 300w, https:\/\/garageduvernay.ch\/newsite\/wp-content\/uploads\/2022\/04\/Toyota-Land_Cruiser-2024-Garage_du_Vernay-08-1024x576.webp 1024w, https:\/\/garageduvernay.ch\/newsite\/wp-content\/uploads\/2022\/04\/Toyota-Land_Cruiser-2024-Garage_du_Vernay-08-768x432.webp 768w, https:\/\/garageduvernay.ch\/newsite\/wp-content\/uploads\/2022\/04\/Toyota-Land_Cruiser-2024-Garage_du_Vernay-08-1536x864.webp 1536w, https:\/\/garageduvernay.ch\/newsite\/wp-content\/uploads\/2022\/04\/Toyota-Land_Cruiser-2024-Garage_du_Vernay-08-2048x1152.webp 2048w, https:\/\/garageduvernay.ch\/newsite\/wp-content\/uploads\/2022\/04\/Toyota-Land_Cruiser-2024-Garage_du_Vernay-08-700x394.webp 700w, https:\/\/garageduvernay.ch\/newsite\/wp-content\/uploads\/2022\/04\/Toyota-Land_Cruiser-2024-Garage_du_Vernay-08-539x303.webp 539w\" sizes=\"auto, (max-width: 2560px) 100vw, 2560px\" \/>\t\t\t\t\t\t<span class=\"aig-gallery-hover\">\n\t\t\t\t\t\t\t\t\t\t\t\t\t\t\t<span class=\"icon-arrows-plus\"><\/span> \n\t\t\t\t\t\t\t\t\t\t\t\t\t<\/span>\n\t\t\t\t\t\t\t\t\t\t\t<\/a>\n\t\t\t\t\t\t\t\t\t<\/div>\n\t\t\t<\/div>\n\t\t\t\t\t\t\t\t\t\t\t<div class=\"qode-aig-image qode-item-space qode-aig-default-masonry-item\">\n\t\t\t\t<div class=\"qode-aig-image-inner\">\n\t\t\t\t\t\t\t\t\t\t\t<a itemprop=\"image\" class=\"qode-aig-lightbox\" href=\"https:\/\/garageduvernay.ch\/newsite\/wp-content\/uploads\/2022\/04\/Toyota-Land_Cruiser-2024-Garage_du_Vernay-09-scaled.webp\" data-rel=\"prettyPhoto[image_gallery_pretty_photo-959]\" title=\"Toyota-Land_Cruiser-2024-Garage_du_Vernay-09\">\n\t\t\t\t\t\t\t\t\t\t\t\t\t<img loading=\"lazy\" decoding=\"async\" width=\"2560\" height=\"1440\" src=\"https:\/\/garageduvernay.ch\/newsite\/wp-content\/uploads\/2022\/04\/Toyota-Land_Cruiser-2024-Garage_du_Vernay-09-scaled.webp\" class=\"attachment-full size-full\" alt=\"Toyota Land Cruiser 2024\" srcset=\"https:\/\/garageduvernay.ch\/newsite\/wp-content\/uploads\/2022\/04\/Toyota-Land_Cruiser-2024-Garage_du_Vernay-09-scaled.webp 2560w, https:\/\/garageduvernay.ch\/newsite\/wp-content\/uploads\/2022\/04\/Toyota-Land_Cruiser-2024-Garage_du_Vernay-09-300x169.webp 300w, https:\/\/garageduvernay.ch\/newsite\/wp-content\/uploads\/2022\/04\/Toyota-Land_Cruiser-2024-Garage_du_Vernay-09-1024x576.webp 1024w, https:\/\/garageduvernay.ch\/newsite\/wp-content\/uploads\/2022\/04\/Toyota-Land_Cruiser-2024-Garage_du_Vernay-09-768x432.webp 768w, https:\/\/garageduvernay.ch\/newsite\/wp-content\/uploads\/2022\/04\/Toyota-Land_Cruiser-2024-Garage_du_Vernay-09-1536x864.webp 1536w, https:\/\/garageduvernay.ch\/newsite\/wp-content\/uploads\/2022\/04\/Toyota-Land_Cruiser-2024-Garage_du_Vernay-09-2048x1152.webp 2048w, https:\/\/garageduvernay.ch\/newsite\/wp-content\/uploads\/2022\/04\/Toyota-Land_Cruiser-2024-Garage_du_Vernay-09-700x394.webp 700w, https:\/\/garageduvernay.ch\/newsite\/wp-content\/uploads\/2022\/04\/Toyota-Land_Cruiser-2024-Garage_du_Vernay-09-539x303.webp 539w\" sizes=\"auto, (max-width: 2560px) 100vw, 2560px\" \/>\t\t\t\t\t\t<span class=\"aig-gallery-hover\">\n\t\t\t\t\t\t\t\t\t\t\t\t\t\t\t<span class=\"icon-arrows-plus\"><\/span> \n\t\t\t\t\t\t\t\t\t\t\t\t\t<\/span>\n\t\t\t\t\t\t\t\t\t\t\t<\/a>\n\t\t\t\t\t\t\t\t\t<\/div>\n\t\t\t<\/div>\n\t\t\t\t\t\t\t\t\t\t\t<div class=\"qode-aig-image qode-item-space qode-aig-default-masonry-item\">\n\t\t\t\t<div class=\"qode-aig-image-inner\">\n\t\t\t\t\t\t\t\t\t\t\t<a itemprop=\"image\" class=\"qode-aig-lightbox\" href=\"https:\/\/garageduvernay.ch\/newsite\/wp-content\/uploads\/2022\/04\/Toyota-Land_Cruiser-2024-Garage_du_Vernay-10-scaled.webp\" data-rel=\"prettyPhoto[image_gallery_pretty_photo-959]\" title=\"Toyota-Land_Cruiser-2024-Garage_du_Vernay-10\">\n\t\t\t\t\t\t\t\t\t\t\t\t\t<img loading=\"lazy\" decoding=\"async\" width=\"2560\" height=\"1440\" src=\"https:\/\/garageduvernay.ch\/newsite\/wp-content\/uploads\/2022\/04\/Toyota-Land_Cruiser-2024-Garage_du_Vernay-10-scaled.webp\" class=\"attachment-full size-full\" alt=\"Toyota Land Cruiser 2024\" srcset=\"https:\/\/garageduvernay.ch\/newsite\/wp-content\/uploads\/2022\/04\/Toyota-Land_Cruiser-2024-Garage_du_Vernay-10-scaled.webp 2560w, https:\/\/garageduvernay.ch\/newsite\/wp-content\/uploads\/2022\/04\/Toyota-Land_Cruiser-2024-Garage_du_Vernay-10-300x169.webp 300w, https:\/\/garageduvernay.ch\/newsite\/wp-content\/uploads\/2022\/04\/Toyota-Land_Cruiser-2024-Garage_du_Vernay-10-1024x576.webp 1024w, https:\/\/garageduvernay.ch\/newsite\/wp-content\/uploads\/2022\/04\/Toyota-Land_Cruiser-2024-Garage_du_Vernay-10-768x432.webp 768w, https:\/\/garageduvernay.ch\/newsite\/wp-content\/uploads\/2022\/04\/Toyota-Land_Cruiser-2024-Garage_du_Vernay-10-1536x864.webp 1536w, https:\/\/garageduvernay.ch\/newsite\/wp-content\/uploads\/2022\/04\/Toyota-Land_Cruiser-2024-Garage_du_Vernay-10-2048x1152.webp 2048w, https:\/\/garageduvernay.ch\/newsite\/wp-content\/uploads\/2022\/04\/Toyota-Land_Cruiser-2024-Garage_du_Vernay-10-700x394.webp 700w, https:\/\/garageduvernay.ch\/newsite\/wp-content\/uploads\/2022\/04\/Toyota-Land_Cruiser-2024-Garage_du_Vernay-10-539x303.webp 539w\" sizes=\"auto, (max-width: 2560px) 100vw, 2560px\" \/>\t\t\t\t\t\t<span class=\"aig-gallery-hover\">\n\t\t\t\t\t\t\t\t\t\t\t\t\t\t\t<span class=\"icon-arrows-plus\"><\/span> \n\t\t\t\t\t\t\t\t\t\t\t\t\t<\/span>\n\t\t\t\t\t\t\t\t\t\t\t<\/a>\n\t\t\t\t\t\t\t\t\t<\/div>\n\t\t\t<\/div>\n\t\t\t\t\t\t\t\t\t\t\t<div class=\"qode-aig-image qode-item-space qode-aig-default-masonry-item\">\n\t\t\t\t<div class=\"qode-aig-image-inner\">\n\t\t\t\t\t\t\t\t\t\t\t<a itemprop=\"image\" class=\"qode-aig-lightbox\" href=\"https:\/\/garageduvernay.ch\/newsite\/wp-content\/uploads\/2022\/04\/Toyota-Land_Cruiser-2024-Garage_du_Vernay-11-scaled.webp\" data-rel=\"prettyPhoto[image_gallery_pretty_photo-959]\" title=\"Toyota-Land_Cruiser-2024-Garage_du_Vernay-11\">\n\t\t\t\t\t\t\t\t\t\t\t\t\t<img loading=\"lazy\" decoding=\"async\" width=\"2560\" height=\"1440\" src=\"https:\/\/garageduvernay.ch\/newsite\/wp-content\/uploads\/2022\/04\/Toyota-Land_Cruiser-2024-Garage_du_Vernay-11-scaled.webp\" class=\"attachment-full size-full\" alt=\"Toyota Land Cruiser 2024\" srcset=\"https:\/\/garageduvernay.ch\/newsite\/wp-content\/uploads\/2022\/04\/Toyota-Land_Cruiser-2024-Garage_du_Vernay-11-scaled.webp 2560w, https:\/\/garageduvernay.ch\/newsite\/wp-content\/uploads\/2022\/04\/Toyota-Land_Cruiser-2024-Garage_du_Vernay-11-300x169.webp 300w, https:\/\/garageduvernay.ch\/newsite\/wp-content\/uploads\/2022\/04\/Toyota-Land_Cruiser-2024-Garage_du_Vernay-11-1024x576.webp 1024w, https:\/\/garageduvernay.ch\/newsite\/wp-content\/uploads\/2022\/04\/Toyota-Land_Cruiser-2024-Garage_du_Vernay-11-768x432.webp 768w, https:\/\/garageduvernay.ch\/newsite\/wp-content\/uploads\/2022\/04\/Toyota-Land_Cruiser-2024-Garage_du_Vernay-11-1536x864.webp 1536w, https:\/\/garageduvernay.ch\/newsite\/wp-content\/uploads\/2022\/04\/Toyota-Land_Cruiser-2024-Garage_du_Vernay-11-2048x1152.webp 2048w, https:\/\/garageduvernay.ch\/newsite\/wp-content\/uploads\/2022\/04\/Toyota-Land_Cruiser-2024-Garage_du_Vernay-11-700x394.webp 700w, https:\/\/garageduvernay.ch\/newsite\/wp-content\/uploads\/2022\/04\/Toyota-Land_Cruiser-2024-Garage_du_Vernay-11-539x303.webp 539w\" sizes=\"auto, (max-width: 2560px) 100vw, 2560px\" \/>\t\t\t\t\t\t<span class=\"aig-gallery-hover\">\n\t\t\t\t\t\t\t\t\t\t\t\t\t\t\t<span class=\"icon-arrows-plus\"><\/span> \n\t\t\t\t\t\t\t\t\t\t\t\t\t<\/span>\n\t\t\t\t\t\t\t\t\t\t\t<\/a>\n\t\t\t\t\t\t\t\t\t<\/div>\n\t\t\t<\/div>\n\t\t\t\t\t\t\t\t\t\t\t<div class=\"qode-aig-image qode-item-space qode-aig-default-masonry-item\">\n\t\t\t\t<div class=\"qode-aig-image-inner\">\n\t\t\t\t\t\t\t\t\t\t\t<a itemprop=\"image\" class=\"qode-aig-lightbox\" href=\"https:\/\/garageduvernay.ch\/newsite\/wp-content\/uploads\/2022\/04\/Toyota-Land_Cruiser-2024-Garage_du_Vernay-12-scaled.webp\" data-rel=\"prettyPhoto[image_gallery_pretty_photo-959]\" title=\"Toyota-Land_Cruiser-2024-Garage_du_Vernay-12\">\n\t\t\t\t\t\t\t\t\t\t\t\t\t<img loading=\"lazy\" decoding=\"async\" width=\"2560\" height=\"1440\" src=\"https:\/\/garageduvernay.ch\/newsite\/wp-content\/uploads\/2022\/04\/Toyota-Land_Cruiser-2024-Garage_du_Vernay-12-scaled.webp\" class=\"attachment-full size-full\" alt=\"Toyota Land Cruiser 2024\" srcset=\"https:\/\/garageduvernay.ch\/newsite\/wp-content\/uploads\/2022\/04\/Toyota-Land_Cruiser-2024-Garage_du_Vernay-12-scaled.webp 2560w, https:\/\/garageduvernay.ch\/newsite\/wp-content\/uploads\/2022\/04\/Toyota-Land_Cruiser-2024-Garage_du_Vernay-12-300x169.webp 300w, https:\/\/garageduvernay.ch\/newsite\/wp-content\/uploads\/2022\/04\/Toyota-Land_Cruiser-2024-Garage_du_Vernay-12-1024x576.webp 1024w, https:\/\/garageduvernay.ch\/newsite\/wp-content\/uploads\/2022\/04\/Toyota-Land_Cruiser-2024-Garage_du_Vernay-12-768x432.webp 768w, https:\/\/garageduvernay.ch\/newsite\/wp-content\/uploads\/2022\/04\/Toyota-Land_Cruiser-2024-Garage_du_Vernay-12-1536x864.webp 1536w, https:\/\/garageduvernay.ch\/newsite\/wp-content\/uploads\/2022\/04\/Toyota-Land_Cruiser-2024-Garage_du_Vernay-12-2048x1152.webp 2048w, https:\/\/garageduvernay.ch\/newsite\/wp-content\/uploads\/2022\/04\/Toyota-Land_Cruiser-2024-Garage_du_Vernay-12-700x394.webp 700w, https:\/\/garageduvernay.ch\/newsite\/wp-content\/uploads\/2022\/04\/Toyota-Land_Cruiser-2024-Garage_du_Vernay-12-539x303.webp 539w\" sizes=\"auto, (max-width: 2560px) 100vw, 2560px\" \/>\t\t\t\t\t\t<span class=\"aig-gallery-hover\">\n\t\t\t\t\t\t\t\t\t\t\t\t\t\t\t<span class=\"icon-arrows-plus\"><\/span> \n\t\t\t\t\t\t\t\t\t\t\t\t\t<\/span>\n\t\t\t\t\t\t\t\t\t\t\t<\/a>\n\t\t\t\t\t\t\t\t\t<\/div>\n\t\t\t<\/div>\n\t\t\t\t\t\t\t\t\t\t\t<div class=\"qode-aig-image qode-item-space qode-aig-default-masonry-item\">\n\t\t\t\t<div class=\"qode-aig-image-inner\">\n\t\t\t\t\t\t\t\t\t\t\t<a itemprop=\"image\" class=\"qode-aig-lightbox\" href=\"https:\/\/garageduvernay.ch\/newsite\/wp-content\/uploads\/2022\/04\/Toyota-Land_Cruiser-2024-Garage_du_Vernay-13-scaled.webp\" data-rel=\"prettyPhoto[image_gallery_pretty_photo-959]\" title=\"Toyota-Land_Cruiser-2024-Garage_du_Vernay-13\">\n\t\t\t\t\t\t\t\t\t\t\t\t\t<img loading=\"lazy\" decoding=\"async\" width=\"2560\" height=\"1440\" src=\"https:\/\/garageduvernay.ch\/newsite\/wp-content\/uploads\/2022\/04\/Toyota-Land_Cruiser-2024-Garage_du_Vernay-13-scaled.webp\" class=\"attachment-full size-full\" alt=\"Toyota Land Cruiser 2024\" srcset=\"https:\/\/garageduvernay.ch\/newsite\/wp-content\/uploads\/2022\/04\/Toyota-Land_Cruiser-2024-Garage_du_Vernay-13-scaled.webp 2560w, https:\/\/garageduvernay.ch\/newsite\/wp-content\/uploads\/2022\/04\/Toyota-Land_Cruiser-2024-Garage_du_Vernay-13-300x169.webp 300w, https:\/\/garageduvernay.ch\/newsite\/wp-content\/uploads\/2022\/04\/Toyota-Land_Cruiser-2024-Garage_du_Vernay-13-1024x576.webp 1024w, https:\/\/garageduvernay.ch\/newsite\/wp-content\/uploads\/2022\/04\/Toyota-Land_Cruiser-2024-Garage_du_Vernay-13-768x432.webp 768w, https:\/\/garageduvernay.ch\/newsite\/wp-content\/uploads\/2022\/04\/Toyota-Land_Cruiser-2024-Garage_du_Vernay-13-1536x864.webp 1536w, https:\/\/garageduvernay.ch\/newsite\/wp-content\/uploads\/2022\/04\/Toyota-Land_Cruiser-2024-Garage_du_Vernay-13-2048x1152.webp 2048w, https:\/\/garageduvernay.ch\/newsite\/wp-content\/uploads\/2022\/04\/Toyota-Land_Cruiser-2024-Garage_du_Vernay-13-700x394.webp 700w, https:\/\/garageduvernay.ch\/newsite\/wp-content\/uploads\/2022\/04\/Toyota-Land_Cruiser-2024-Garage_du_Vernay-13-539x303.webp 539w\" sizes=\"auto, (max-width: 2560px) 100vw, 2560px\" \/>\t\t\t\t\t\t<span class=\"aig-gallery-hover\">\n\t\t\t\t\t\t\t\t\t\t\t\t\t\t\t<span class=\"icon-arrows-plus\"><\/span> \n\t\t\t\t\t\t\t\t\t\t\t\t\t<\/span>\n\t\t\t\t\t\t\t\t\t\t\t<\/a>\n\t\t\t\t\t\t\t\t\t<\/div>\n\t\t\t<\/div>\n\t\t\t\t\t\t\t\t\t\t\t<div class=\"qode-aig-image qode-item-space qode-aig-default-masonry-item\">\n\t\t\t\t<div class=\"qode-aig-image-inner\">\n\t\t\t\t\t\t\t\t\t\t\t<a itemprop=\"image\" class=\"qode-aig-lightbox\" href=\"https:\/\/garageduvernay.ch\/newsite\/wp-content\/uploads\/2022\/04\/Toyota-Land_Cruiser-2024-Garage_du_Vernay-14-scaled.webp\" data-rel=\"prettyPhoto[image_gallery_pretty_photo-959]\" title=\"Toyota-Land_Cruiser-2024-Garage_du_Vernay-14\">\n\t\t\t\t\t\t\t\t\t\t\t\t\t<img loading=\"lazy\" decoding=\"async\" width=\"2560\" height=\"1440\" src=\"https:\/\/garageduvernay.ch\/newsite\/wp-content\/uploads\/2022\/04\/Toyota-Land_Cruiser-2024-Garage_du_Vernay-14-scaled.webp\" class=\"attachment-full size-full\" alt=\"Toyota Land Cruiser 2024\" srcset=\"https:\/\/garageduvernay.ch\/newsite\/wp-content\/uploads\/2022\/04\/Toyota-Land_Cruiser-2024-Garage_du_Vernay-14-scaled.webp 2560w, https:\/\/garageduvernay.ch\/newsite\/wp-content\/uploads\/2022\/04\/Toyota-Land_Cruiser-2024-Garage_du_Vernay-14-300x169.webp 300w, https:\/\/garageduvernay.ch\/newsite\/wp-content\/uploads\/2022\/04\/Toyota-Land_Cruiser-2024-Garage_du_Vernay-14-1024x576.webp 1024w, https:\/\/garageduvernay.ch\/newsite\/wp-content\/uploads\/2022\/04\/Toyota-Land_Cruiser-2024-Garage_du_Vernay-14-768x432.webp 768w, https:\/\/garageduvernay.ch\/newsite\/wp-content\/uploads\/2022\/04\/Toyota-Land_Cruiser-2024-Garage_du_Vernay-14-1536x864.webp 1536w, https:\/\/garageduvernay.ch\/newsite\/wp-content\/uploads\/2022\/04\/Toyota-Land_Cruiser-2024-Garage_du_Vernay-14-2048x1152.webp 2048w, https:\/\/garageduvernay.ch\/newsite\/wp-content\/uploads\/2022\/04\/Toyota-Land_Cruiser-2024-Garage_du_Vernay-14-700x394.webp 700w, https:\/\/garageduvernay.ch\/newsite\/wp-content\/uploads\/2022\/04\/Toyota-Land_Cruiser-2024-Garage_du_Vernay-14-539x303.webp 539w\" sizes=\"auto, (max-width: 2560px) 100vw, 2560px\" \/>\t\t\t\t\t\t<span class=\"aig-gallery-hover\">\n\t\t\t\t\t\t\t\t\t\t\t\t\t\t\t<span class=\"icon-arrows-plus\"><\/span> \n\t\t\t\t\t\t\t\t\t\t\t\t\t<\/span>\n\t\t\t\t\t\t\t\t\t\t\t<\/a>\n\t\t\t\t\t\t\t\t\t<\/div>\n\t\t\t<\/div>\n\t\t\t\t\t\t<\/div>\n<\/div>[vc_empty_space height=\u00a0\u00bb50px\u00a0\u00bb][\/vc_column][\/vc_row]<\/p>\n<\/div>","protected":false},"excerpt":{"rendered":"<p>[vc_row css_animation=\u00a0\u00bb\u00a0\u00bb row_type=\u00a0\u00bbrow\u00a0\u00bb use_row_as_full_screen_section=\u00a0\u00bbno\u00a0\u00bb type=\u00a0\u00bbfull_width\u00a0\u00bb angled_section=\u00a0\u00bbno\u00a0\u00bb text_align=\u00a0\u00bbleft\u00a0\u00bb background_image_as_pattern=\u00a0\u00bbwithout_pattern\u00a0\u00bb][vc_column][vc_column_text css=\u00a0\u00bb\u00a0\u00bb] Toyota Land Cruiser PR\u00caT POUR VOTRE PROCHAINE AVENTURE Toyota r\u00e9invente le&#8230;<\/p>\n","protected":false},"author":1,"featured_media":19684,"menu_order":0,"comment_status":"closed","ping_status":"closed","template":"","portfolio_category":[49],"portfolio_tag":[268,114],"class_list":["post-16240","portfolio_page","type-portfolio_page","status-publish","has-post-thumbnail","hentry","portfolio_category-toyota","portfolio_tag-268","portfolio_tag-toyota-land-cruiser"],"yoast_head":"<!-- This site is optimized with the Yoast SEO plugin v26.3 - https:\/\/yoast.com\/wordpress\/plugins\/seo\/ -->\n<title>Toyota Land Cruiser - Garage du Vernay<\/title>\n<meta name=\"robots\" content=\"index, follow, max-snippet:-1, max-image-preview:large, max-video-preview:-1\" \/>\n<link rel=\"canonical\" href=\"https:\/\/garageduvernay.ch\/newsite\/showroom\/toyota-land-cruiser\/\" \/>\n<meta property=\"og:locale\" content=\"fr_FR\" \/>\n<meta property=\"og:type\" content=\"article\" \/>\n<meta property=\"og:title\" content=\"Toyota Land Cruiser - Garage du Vernay\" \/>\n<meta property=\"og:description\" content=\"[vc_row css_animation=\u00a0\u00bb\u00a0\u00bb row_type=\u00a0\u00bbrow\u00a0\u00bb use_row_as_full_screen_section=\u00a0\u00bbno\u00a0\u00bb type=\u00a0\u00bbfull_width\u00a0\u00bb angled_section=\u00a0\u00bbno\u00a0\u00bb text_align=\u00a0\u00bbleft\u00a0\u00bb background_image_as_pattern=\u00a0\u00bbwithout_pattern\u00a0\u00bb][vc_column][vc_column_text css=\u00a0\u00bb\u00a0\u00bb] Toyota Land Cruiser PR\u00caT POUR VOTRE PROCHAINE AVENTURE Toyota r\u00e9invente le...\" \/>\n<meta property=\"og:url\" content=\"https:\/\/garageduvernay.ch\/newsite\/showroom\/toyota-land-cruiser\/\" \/>\n<meta property=\"og:site_name\" content=\"Garage du Vernay\" \/>\n<meta property=\"article:modified_time\" content=\"2024-10-31T09:59:00+00:00\" \/>\n<meta property=\"og:image\" content=\"https:\/\/garageduvernay.ch\/newsite\/wp-content\/uploads\/2022\/04\/LC_250_05_V08_LR_2500_Large-vignette.webp\" \/>\n\t<meta property=\"og:image:width\" content=\"1661\" \/>\n\t<meta property=\"og:image:height\" content=\"1661\" \/>\n\t<meta property=\"og:image:type\" content=\"image\/webp\" \/>\n<meta name=\"twitter:card\" content=\"summary_large_image\" \/>\n<meta name=\"twitter:label1\" content=\"Dur\u00e9e de lecture estim\u00e9e\" \/>\n\t<meta name=\"twitter:data1\" content=\"10 minutes\" \/>\n<script type=\"application\/ld+json\" class=\"yoast-schema-graph\">{\"@context\":\"https:\/\/schema.org\",\"@graph\":[{\"@type\":\"WebPage\",\"@id\":\"https:\/\/garageduvernay.ch\/newsite\/showroom\/toyota-land-cruiser\/\",\"url\":\"https:\/\/garageduvernay.ch\/newsite\/showroom\/toyota-land-cruiser\/\",\"name\":\"Toyota Land Cruiser - Garage du Vernay\",\"isPartOf\":{\"@id\":\"https:\/\/garageduvernay.ch\/newsite\/#website\"},\"primaryImageOfPage\":{\"@id\":\"https:\/\/garageduvernay.ch\/newsite\/showroom\/toyota-land-cruiser\/#primaryimage\"},\"image\":{\"@id\":\"https:\/\/garageduvernay.ch\/newsite\/showroom\/toyota-land-cruiser\/#primaryimage\"},\"thumbnailUrl\":\"https:\/\/garageduvernay.ch\/newsite\/wp-content\/uploads\/2022\/04\/LC_250_05_V08_LR_2500_Large-vignette.webp\",\"datePublished\":\"2022-04-05T05:45:31+00:00\",\"dateModified\":\"2024-10-31T09:59:00+00:00\",\"breadcrumb\":{\"@id\":\"https:\/\/garageduvernay.ch\/newsite\/showroom\/toyota-land-cruiser\/#breadcrumb\"},\"inLanguage\":\"fr-FR\",\"potentialAction\":[{\"@type\":\"ReadAction\",\"target\":[\"https:\/\/garageduvernay.ch\/newsite\/showroom\/toyota-land-cruiser\/\"]}]},{\"@type\":\"ImageObject\",\"inLanguage\":\"fr-FR\",\"@id\":\"https:\/\/garageduvernay.ch\/newsite\/showroom\/toyota-land-cruiser\/#primaryimage\",\"url\":\"https:\/\/garageduvernay.ch\/newsite\/wp-content\/uploads\/2022\/04\/LC_250_05_V08_LR_2500_Large-vignette.webp\",\"contentUrl\":\"https:\/\/garageduvernay.ch\/newsite\/wp-content\/uploads\/2022\/04\/LC_250_05_V08_LR_2500_Large-vignette.webp\",\"width\":1661,\"height\":1661,\"caption\":\"Toyota Land Cruiser 2024\"},{\"@type\":\"BreadcrumbList\",\"@id\":\"https:\/\/garageduvernay.ch\/newsite\/showroom\/toyota-land-cruiser\/#breadcrumb\",\"itemListElement\":[{\"@type\":\"ListItem\",\"position\":1,\"name\":\"Accueil\",\"item\":\"https:\/\/garageduvernay.ch\/newsite\/\"},{\"@type\":\"ListItem\",\"position\":2,\"name\":\"Portfolio\",\"item\":\"https:\/\/garageduvernay.ch\/newsite\/showroom\/\"},{\"@type\":\"ListItem\",\"position\":3,\"name\":\"Toyota Land Cruiser\"}]},{\"@type\":\"WebSite\",\"@id\":\"https:\/\/garageduvernay.ch\/newsite\/#website\",\"url\":\"https:\/\/garageduvernay.ch\/newsite\/\",\"name\":\"Garage du Vernay\",\"description\":\"Votre Concessionnaire Toyota et Mitsubishi\",\"publisher\":{\"@id\":\"https:\/\/garageduvernay.ch\/newsite\/#organization\"},\"alternateName\":\"Garage du Vernay\",\"potentialAction\":[{\"@type\":\"SearchAction\",\"target\":{\"@type\":\"EntryPoint\",\"urlTemplate\":\"https:\/\/garageduvernay.ch\/newsite\/?s={search_term_string}\"},\"query-input\":{\"@type\":\"PropertyValueSpecification\",\"valueRequired\":true,\"valueName\":\"search_term_string\"}}],\"inLanguage\":\"fr-FR\"},{\"@type\":\"Organization\",\"@id\":\"https:\/\/garageduvernay.ch\/newsite\/#organization\",\"name\":\"Garage du Vernay\",\"alternateName\":\"Garage du Vernay\",\"url\":\"https:\/\/garageduvernay.ch\/newsite\/\",\"logo\":{\"@type\":\"ImageObject\",\"inLanguage\":\"fr-FR\",\"@id\":\"https:\/\/garageduvernay.ch\/newsite\/#\/schema\/logo\/image\/\",\"url\":\"https:\/\/garageduvernay.ch\/newsite\/wp-content\/uploads\/2024\/04\/Logo-jdf-Final-2021-696x696-1.jpg\",\"contentUrl\":\"https:\/\/garageduvernay.ch\/newsite\/wp-content\/uploads\/2024\/04\/Logo-jdf-Final-2021-696x696-1.jpg\",\"width\":696,\"height\":696,\"caption\":\"Garage du Vernay\"},\"image\":{\"@id\":\"https:\/\/garageduvernay.ch\/newsite\/#\/schema\/logo\/image\/\"}}]}<\/script>\n<!-- \/ Yoast SEO plugin. -->","yoast_head_json":{"title":"Toyota Land Cruiser - Garage du Vernay","robots":{"index":"index","follow":"follow","max-snippet":"max-snippet:-1","max-image-preview":"max-image-preview:large","max-video-preview":"max-video-preview:-1"},"canonical":"https:\/\/garageduvernay.ch\/newsite\/showroom\/toyota-land-cruiser\/","og_locale":"fr_FR","og_type":"article","og_title":"Toyota Land Cruiser - Garage du Vernay","og_description":"[vc_row css_animation=\u00a0\u00bb\u00a0\u00bb row_type=\u00a0\u00bbrow\u00a0\u00bb use_row_as_full_screen_section=\u00a0\u00bbno\u00a0\u00bb type=\u00a0\u00bbfull_width\u00a0\u00bb angled_section=\u00a0\u00bbno\u00a0\u00bb text_align=\u00a0\u00bbleft\u00a0\u00bb background_image_as_pattern=\u00a0\u00bbwithout_pattern\u00a0\u00bb][vc_column][vc_column_text css=\u00a0\u00bb\u00a0\u00bb] Toyota Land Cruiser PR\u00caT POUR VOTRE PROCHAINE AVENTURE Toyota r\u00e9invente le...","og_url":"https:\/\/garageduvernay.ch\/newsite\/showroom\/toyota-land-cruiser\/","og_site_name":"Garage du Vernay","article_modified_time":"2024-10-31T09:59:00+00:00","og_image":[{"width":1661,"height":1661,"url":"https:\/\/garageduvernay.ch\/newsite\/wp-content\/uploads\/2022\/04\/LC_250_05_V08_LR_2500_Large-vignette.webp","type":"image\/webp"}],"twitter_card":"summary_large_image","twitter_misc":{"Dur\u00e9e de lecture estim\u00e9e":"10 minutes"},"schema":{"@context":"https:\/\/schema.org","@graph":[{"@type":"WebPage","@id":"https:\/\/garageduvernay.ch\/newsite\/showroom\/toyota-land-cruiser\/","url":"https:\/\/garageduvernay.ch\/newsite\/showroom\/toyota-land-cruiser\/","name":"Toyota Land Cruiser - Garage du Vernay","isPartOf":{"@id":"https:\/\/garageduvernay.ch\/newsite\/#website"},"primaryImageOfPage":{"@id":"https:\/\/garageduvernay.ch\/newsite\/showroom\/toyota-land-cruiser\/#primaryimage"},"image":{"@id":"https:\/\/garageduvernay.ch\/newsite\/showroom\/toyota-land-cruiser\/#primaryimage"},"thumbnailUrl":"https:\/\/garageduvernay.ch\/newsite\/wp-content\/uploads\/2022\/04\/LC_250_05_V08_LR_2500_Large-vignette.webp","datePublished":"2022-04-05T05:45:31+00:00","dateModified":"2024-10-31T09:59:00+00:00","breadcrumb":{"@id":"https:\/\/garageduvernay.ch\/newsite\/showroom\/toyota-land-cruiser\/#breadcrumb"},"inLanguage":"fr-FR","potentialAction":[{"@type":"ReadAction","target":["https:\/\/garageduvernay.ch\/newsite\/showroom\/toyota-land-cruiser\/"]}]},{"@type":"ImageObject","inLanguage":"fr-FR","@id":"https:\/\/garageduvernay.ch\/newsite\/showroom\/toyota-land-cruiser\/#primaryimage","url":"https:\/\/garageduvernay.ch\/newsite\/wp-content\/uploads\/2022\/04\/LC_250_05_V08_LR_2500_Large-vignette.webp","contentUrl":"https:\/\/garageduvernay.ch\/newsite\/wp-content\/uploads\/2022\/04\/LC_250_05_V08_LR_2500_Large-vignette.webp","width":1661,"height":1661,"caption":"Toyota Land Cruiser 2024"},{"@type":"BreadcrumbList","@id":"https:\/\/garageduvernay.ch\/newsite\/showroom\/toyota-land-cruiser\/#breadcrumb","itemListElement":[{"@type":"ListItem","position":1,"name":"Accueil","item":"https:\/\/garageduvernay.ch\/newsite\/"},{"@type":"ListItem","position":2,"name":"Portfolio","item":"https:\/\/garageduvernay.ch\/newsite\/showroom\/"},{"@type":"ListItem","position":3,"name":"Toyota Land Cruiser"}]},{"@type":"WebSite","@id":"https:\/\/garageduvernay.ch\/newsite\/#website","url":"https:\/\/garageduvernay.ch\/newsite\/","name":"Garage du Vernay","description":"Votre Concessionnaire Toyota et Mitsubishi","publisher":{"@id":"https:\/\/garageduvernay.ch\/newsite\/#organization"},"alternateName":"Garage du Vernay","potentialAction":[{"@type":"SearchAction","target":{"@type":"EntryPoint","urlTemplate":"https:\/\/garageduvernay.ch\/newsite\/?s={search_term_string}"},"query-input":{"@type":"PropertyValueSpecification","valueRequired":true,"valueName":"search_term_string"}}],"inLanguage":"fr-FR"},{"@type":"Organization","@id":"https:\/\/garageduvernay.ch\/newsite\/#organization","name":"Garage du Vernay","alternateName":"Garage du Vernay","url":"https:\/\/garageduvernay.ch\/newsite\/","logo":{"@type":"ImageObject","inLanguage":"fr-FR","@id":"https:\/\/garageduvernay.ch\/newsite\/#\/schema\/logo\/image\/","url":"https:\/\/garageduvernay.ch\/newsite\/wp-content\/uploads\/2024\/04\/Logo-jdf-Final-2021-696x696-1.jpg","contentUrl":"https:\/\/garageduvernay.ch\/newsite\/wp-content\/uploads\/2024\/04\/Logo-jdf-Final-2021-696x696-1.jpg","width":696,"height":696,"caption":"Garage du Vernay"},"image":{"@id":"https:\/\/garageduvernay.ch\/newsite\/#\/schema\/logo\/image\/"}}]}},"_links":{"self":[{"href":"https:\/\/garageduvernay.ch\/newsite\/wp-json\/wp\/v2\/portfolio_page\/16240","targetHints":{"allow":["GET"]}}],"collection":[{"href":"https:\/\/garageduvernay.ch\/newsite\/wp-json\/wp\/v2\/portfolio_page"}],"about":[{"href":"https:\/\/garageduvernay.ch\/newsite\/wp-json\/wp\/v2\/types\/portfolio_page"}],"author":[{"embeddable":true,"href":"https:\/\/garageduvernay.ch\/newsite\/wp-json\/wp\/v2\/users\/1"}],"replies":[{"embeddable":true,"href":"https:\/\/garageduvernay.ch\/newsite\/wp-json\/wp\/v2\/comments?post=16240"}],"wp:featuredmedia":[{"embeddable":true,"href":"https:\/\/garageduvernay.ch\/newsite\/wp-json\/wp\/v2\/media\/19684"}],"wp:attachment":[{"href":"https:\/\/garageduvernay.ch\/newsite\/wp-json\/wp\/v2\/media?parent=16240"}],"wp:term":[{"taxonomy":"portfolio_category","embeddable":true,"href":"https:\/\/garageduvernay.ch\/newsite\/wp-json\/wp\/v2\/portfolio_category?post=16240"},{"taxonomy":"portfolio_tag","embeddable":true,"href":"https:\/\/garageduvernay.ch\/newsite\/wp-json\/wp\/v2\/portfolio_tag?post=16240"}],"curies":[{"name":"wp","href":"https:\/\/api.w.org\/{rel}","templated":true}]}}